{"id":63,"date":"2015-07-20T19:16:46","date_gmt":"2015-07-20T23:16:46","guid":{"rendered":"https:\/\/www.skirelais.com\/en\/?page_id=63"},"modified":"2026-04-14T13:59:39","modified_gmt":"2026-04-14T17:59:39","slug":"location-dequipement","status":"publish","type":"page","link":"https:\/\/www.skirelais.com\/en\/genetik-lab\/location-dequipement\/","title":{"rendered":"Genetik : Season Rental"},"content":{"rendered":"<div class=\"column full\">\n<h4><span style=\"font-size: 30px;\"><span style=\"font-size: 20px;\">LOCATION Saisonni\u00e8re 25.26 (VENDUE EN LIGNE D\u00c8S LE 11 SEPTEMBRE)<\/span><\/span><\/h4>\n<\/div>\n<div class=\"column full\">\n<table style=\"width: 100%; height: 167px;\">\n<tbody>\n<tr>\n<td style=\"width: 70.3448%;\"><strong>&nbsp;<\/strong><\/td>\n<td style=\"width: 28.867%;\"><strong>Tarifs<\/strong><\/td>\n<\/tr>\n<tr>\n<td style=\"width: 70.3448%;\"><strong>&nbsp;<\/strong><\/td>\n<td style=\"width: 28.867%;\"><\/td>\n<\/tr>\n<tr style=\"height: 55px;\">\n<td style=\"height: 55px; width: 70.3448%;\"><strong>Location saisonni\u00e8re ski alpin &#8211; enfant 12 ans et moins, maximum 130 cm\/ 50kg (110 lbs)<br \/>\n<\/strong>(Ce forfait inclus: skis, fixations, bottes et ajustement de l&#8217;\u00e9quipement. B\u00e2tons non-inclus)<\/td>\n<td style=\"width: 28.867%;\"><strong>n\/a $ + tx<\/strong><\/td>\n<\/tr>\n<tr style=\"height: 16px;\">\n<td colspan=\"2\" style=\"height: 16px; width: 99.2118%;\"><\/td>\n<\/tr>\n<tr style=\"height: 16px;\">\n<td style=\"height: 16px; width: 70.3448%;\"><strong>Location saisonni\u00e8re ski alpin &#8211; enfant 12 ans et moins, maximum 160 cm\/ 750kg (154 lbs)<br \/>\n<\/strong>(Ce forfait inclus: skis, fixations, bottes et ajustement de l&#8217;\u00e9quipement. B\u00e2tons non-inclus)<\/td>\n<td style=\"height: 16px; width: 28.867%;\"><span><strong>n\/a $ + tx<\/strong><\/span><\/td>\n<\/tr>\n<tr>\n<td style=\"width: 70.3448%;\" colspan=\"2\"><span style=\"color: #bdbdbd;\">&nbsp;<\/span><\/td>\n<\/tr>\n<tr style=\"height: 64px;\">\n<td style=\"height: 64px; width: 70.3448%;\"><strong>Location saisonni\u00e8re ski alpin &#8211; enfant et adulte de 13 ans et plus<br \/>\n<\/strong>(Ce forfait inclus: skis, fixations, bottes et ajustement de l&#8217;\u00e9quipement. B\u00e2tons non-inclus)<br \/>\n(Possibilit\u00e9 de rachat \u00e0 la fin de la saison)<\/td>\n<td style=\"height: 64px; width: 28.867%;\"><strong><span style=\"color: #000000;\">n\/a $ + tx<\/span><\/strong><\/td>\n<\/tr>\n<tr style=\"height: 16px;\">\n<td colspan=\"2\" style=\"height: 16px; width: 99.2118%;\"><span style=\"font-size: 10px;\">*Taxes non incluse<br \/>\n* Aucune planche \u00e0 neige en location saisonni\u00e8re<\/span><\/td>\n<\/tr>\n<\/tbody>\n<\/table>\n<p><a class=\"fasc-button fasc-size-medium fasc-type-glossy fasc-style-bold\" style=\"background-color: #00426a; color: #ffffff;\" href=\"https:\/\/skirelais.resortstore.net\/fr\/catalogue\/categories\/\">Louer mon \u00e9quipement<\/a><\/div>\n<div class=\"column full\">\n<div class=\"colorbox blue-dark\">\n<h4>Important&nbsp;<\/h4>\n<ul>\n<li>Si vous louez pour plusieurs personnes, ajoutez chaque location UNE PAR UNE dans le panier, compl\u00e9tez les informations requises (poids, grandeur, etc.) pour chaque location.<\/li>\n<li>Si vous louez de l&#8217;\u00e9quipement pour plusieurs personnes (ex: membres de votre famille), chaque personne DOIT SE PR\u00c9SENTER EN MAGASIN pour l&#8217;essayage au moment de la r\u00e9cup\u00e9ration des \u00e9quipements<\/li>\n<\/ul>\n<p>&nbsp;<\/p>\n<h4>On s&#8217;Occupe de tout !<\/h4>\n<ul>\n<li>Vous recevrez un premier courriel confirmant la r\u00e9ception de votre commande.<\/li>\n<li>Nous serons pr\u00eats <span style=\"text-decoration: underline;\"><strong>d\u00e8s le 11 octobre<\/strong><\/span> \u00e0 vous remettre les \u00e9quipement \u00e0 la nouvelle Boutique Genetik situ\u00e9e au Centre de ski Le Relais<\/li>\n<li>Apportez une copie de votre commande (papier ou \u00e9lectronique) et une pi\u00e8ce d&#8217;identit\u00e9 pour proc\u00e9der \u00e0 l&#8217;essayage.<\/li>\n<li>Il ne vous restera qu&#8217;\u00e0 signer votre contrat de location et repartir avec votre \u00e9quipement pour la saison!<\/li>\n<\/ul>\n<\/div>\n<\/div>\n<div class=\"column full\"><a class=\"fasc-button fasc-size-medium fasc-type-glossy fasc-style-bold\" style=\"background-color: #00426a; color: #ffffff;\" href=\"https:\/\/skirelais.resortstore.net\/fr\/catalogue\/categories\/\">Louer mon \u00e9quipement<\/a><\/div>\n","protected":false},"excerpt":{"rendered":"<p>LOCATION Saisonni\u00e8re 25.26 (VENDUE EN LIGNE D\u00c8S LE 11 SEPTEMBRE) &nbsp; Tarifs &nbsp; Location saisonni\u00e8re ski alpin &#8211; enfant 12 &#8230; <a class=\"button button--blue button--medium button--with-arrow externe\" href=\"https:\/\/www.skirelais.com\/en\/genetik-lab\/location-dequipement\/\">Get more information<\/a><\/p>\n","protected":false},"author":5,"featured_media":11790,"parent":13229,"menu_order":91,"comment_status":"closed","ping_status":"closed","template":"","meta":{"_acf_changed":false,"_monsterinsights_skip_tracking":false,"_monsterinsights_sitenote_active":false,"_monsterinsights_sitenote_note":"","_monsterinsights_sitenote_category":0,"footnotes":""},"class_list":["post-63","page","type-page","status-publish","has-post-thumbnail","hentry"],"acf":[],"publishpress_future_action":{"enabled":false,"date":"2026-05-06 14:19:58","action":"change-status","newStatus":"draft","terms":[],"taxonomy":"translation_priority"},"_links":{"self":[{"href":"https:\/\/www.skirelais.com\/en\/wp-json\/wp\/v2\/pages\/63"}],"collection":[{"href":"https:\/\/www.skirelais.com\/en\/wp-json\/wp\/v2\/pages"}],"about":[{"href":"https:\/\/www.skirelais.com\/en\/wp-json\/wp\/v2\/types\/page"}],"author":[{"embeddable":true,"href":"https:\/\/www.skirelais.com\/en\/wp-json\/wp\/v2\/users\/5"}],"replies":[{"embeddable":true,"href":"https:\/\/www.skirelais.com\/en\/wp-json\/wp\/v2\/comments?post=63"}],"version-history":[{"count":90,"href":"https:\/\/www.skirelais.com\/en\/wp-json\/wp\/v2\/pages\/63\/revisions"}],"predecessor-version":[{"id":14318,"href":"https:\/\/www.skirelais.com\/en\/wp-json\/wp\/v2\/pages\/63\/revisions\/14318"}],"up":[{"embeddable":true,"href":"https:\/\/www.skirelais.com\/en\/wp-json\/wp\/v2\/pages\/13229"}],"wp:featuredmedia":[{"embeddable":true,"href":"https:\/\/www.skirelais.com\/en\/wp-json\/wp\/v2\/media\/11790"}],"wp:attachment":[{"href":"https:\/\/www.skirelais.com\/en\/wp-json\/wp\/v2\/media?parent=63"}],"curies":[{"name":"wp","href":"https:\/\/api.w.org\/{rel}","templated":true}]}}